{"id":1057,"date":"2020-12-28T14:17:13","date_gmt":"2020-12-28T14:17:13","guid":{"rendered":"https:\/\/zdmgps.org.mk\/?post_type=mec-events&#038;p=1057"},"modified":"2020-12-28T14:17:13","modified_gmt":"2020-12-28T14:17:13","slug":"koncert-na-ansamblot-horizonte","status":"publish","type":"mec-events","link":"https:\/\/zdmgps.org.mk\/de\/events\/koncert-na-ansamblot-horizonte\/","title":{"rendered":"Konzert des Ensembles \"HORIZONTE\""},"content":{"rendered":"<p>mit dem Konzert des Ensembles \"HORIZONTE\" aus Deutschland runden wir<br \/>\ndas diesj\u00e4hrige Programm der \"TAGE DER MAZEDONISCHEN MUSIK 2020\" ab. In diesen letzten nebligen Tagen des Jahres l\u00e4dt SOKOM Sie zu einem Online-Konzert des Ensembles HORIZONTE aus Deutschland mit dem Titel \"Impressionen\" ein, das Sie am 29. Dezember ab 20 Uhr auf dem youtube-Kanal von SOKOM (Komponistenverband Mazedoniens) verfolgen k\u00f6nnen:<br \/>\n<a href=\"https:\/\/www.youtube.com\/channel\/UCTNInrZ154nadiQQLvtZ-ig\/videos\" target=\"_blank\" rel=\"noopener noreferrer\" data-saferedirecturl=\"https:\/\/www.google.com\/url?q=https:\/\/www.youtube.com\/channel\/UCTNInrZ154nadiQQLvtZ-ig\/videos&amp;source=gmail&amp;ust=1609250827443000&amp;usg=AFQjCNGiUlE63LivQcZ3IvDlVfvAxtaktw\">https:\/\/www.youtube.com\/<wbr \/>channel\/UCTNInrZ154nadiQQLvtZ-<wbr \/>ig\/videos<\/a>.<\/p>\n<p>Das Programm des Konzerts umfasst Werke von: Kiril Makedonski, Mihailo<br \/>\nTrandafilovski, Jana Andreevska, J\u00f6rg-Peter Mittmann, Morton Feldman,<br \/>\nMax E. Keller und J\u00e9r\u00f4me Combier.<\/p>\n<p>Das Ensemble \"HORIZONTE\" ist dem mazedonischen Publikum gut bekannt und ist eines der wenigen Ensembles, die au\u00dferhalb des DMM-Festivals kontinuierlich Werke mazedonischer Autoren auff\u00fchren. Sie haben ihr Engagement in dieser Richtung bewiesen, indem sie dieses Konzert diesmal unter wirklich au\u00dfergew\u00f6hnlichen Bedingungen realisiert haben, mit einer Aufnahme, die am 20. Dezember in der Aula der Freien Waldorfschule G\u00fctersloh in Friedrichsdorf entstand.<\/p>\n<p>Das Konzert wird finanziert und unterst\u00fctzt vom Kulturministerium, der Gesellschaft f\u00fcr mazedonisch-deutsche Freundschaft und Zusammenarbeit - Skopje und dem Goethe<br \/>\nInstitut<\/p>","protected":false},"excerpt":{"rendered":"<p>\u0421\u043e \u043a\u043e\u043d\u0446\u0435\u0440\u0442\u043e\u0442 \u043d\u0430 \u0430\u043d\u0441\u0430\u043c\u0431\u043b\u043e\u0442 \u201e\u0425\u041e\u0420\u0418\u0417\u041e\u041d\u0422\u0415\u201c \u043e\u0434 \u0413\u0435\u0440\u043c\u0430\u043d\u0438\u0458\u0430 \u0458\u0430 \u0437\u0430\u043e\u043a\u0440\u0443\u0436\u0443\u0432\u0430\u043c\u0435 \u043e\u0432\u043e\u0433\u043e\u0434\u0438\u043d\u0435\u0448\u043d\u0430\u0442\u0430 \u043f\u0440\u043e\u0433\u0440\u0430\u043c\u0430 \u043d\u0430 \u201e\u0414\u0415\u041d\u041e\u0412\u0418 \u041d\u0410 \u041c\u0410\u041a\u0415\u0414\u041e\u041d\u0421\u041a\u0410 \u041c\u0423\u0417\u0418\u041a\u0410 2020\u201c. \u0412\u043e \u043e\u0432\u0438\u0435 \u043f\u043e\u0441\u043b\u0435\u0434\u043d\u0438 \u043c\u0430\u0433\u043b\u043e\u0432\u0438\u0442\u0438 \u0434\u0435\u043d\u043e\u0432\u0438 \u043e\u0434 \u0433\u043e\u0434\u0438\u043d\u0430\u0442\u0430, \u0421\u041e\u041a\u041e\u041c \u0412\u0435 \u043a\u0430\u043d\u0438 \u043d\u0430 online \u043a\u043e\u043d\u0446\u0435\u0440\u0442 \u043d\u0430 \u0430\u043d\u0441\u0430\u043c\u0431\u043b\u043e\u0442 \u0425\u041e\u0420\u0418\u0417\u041e\u041d\u0422\u0415 \u043e\u0434 \u0413\u0435\u0440\u043c\u0430\u043d\u0438\u0458\u0430, \u0441\u043e \u043d\u0430\u0441\u043b\u043e\u0432 \u201e\u0418\u043c\u043f\u0440\u0435\u0441\u0438\u0438\u201c, \u043a\u043e\u0458 \u045c\u0435 \u043c\u043e\u0436\u0435 \u0434\u0430 \u0433\u043e \u043f\u0440\u043e\u0441\u043b\u0435\u0434\u0438\u0442\u0435 \u043d\u0430 29 \u0434\u0435\u043a\u0435\u043c\u0432\u0440\u0438 \u0441\u043e \u043f\u043e\u0447\u0435\u0442\u043e\u043a \u043e\u0434 20 \u0447\u0430\u0441\u043e\u0442, \u043d\u0430 youtube \u043a\u0430\u043d\u0430\u043b\u043e\u0442 [&hellip;]<\/p>\n","protected":false},"author":3,"featured_media":0,"comment_status":"open","ping_status":"closed","template":"","tags":[],"mec_category":[86],"class_list":["post-1057","mec-events","type-mec-events","status-publish","hentry","mec_category-muzika"],"acf":[],"jetpack_sharing_enabled":true,"_links":{"self":[{"href":"https:\/\/zdmgps.org.mk\/de\/wp-json\/wp\/v2\/mec-events\/1057","targetHints":{"allow":["GET"]}}],"collection":[{"href":"https:\/\/zdmgps.org.mk\/de\/wp-json\/wp\/v2\/mec-events"}],"about":[{"href":"https:\/\/zdmgps.org.mk\/de\/wp-json\/wp\/v2\/types\/mec-events"}],"author":[{"embeddable":true,"href":"https:\/\/zdmgps.org.mk\/de\/wp-json\/wp\/v2\/users\/3"}],"replies":[{"embeddable":true,"href":"https:\/\/zdmgps.org.mk\/de\/wp-json\/wp\/v2\/comments?post=1057"}],"wp:attachment":[{"href":"https:\/\/zdmgps.org.mk\/de\/wp-json\/wp\/v2\/media?parent=1057"}],"wp:term":[{"taxonomy":"post_tag","embeddable":true,"href":"https:\/\/zdmgps.org.mk\/de\/wp-json\/wp\/v2\/tags?post=1057"},{"taxonomy":"mec_category","embeddable":true,"href":"https:\/\/zdmgps.org.mk\/de\/wp-json\/wp\/v2\/mec_category?post=1057"}],"curies":[{"name":"wp","href":"https:\/\/api.w.org\/{rel}","templated":true}]}}